{"id":1088,"date":"2025-01-30T16:12:59","date_gmt":"2025-01-30T16:12:59","guid":{"rendered":"https:\/\/preview.quintadosobral.com\/region\/"},"modified":"2025-02-02T13:40:22","modified_gmt":"2025-02-02T13:40:22","slug":"region","status":"publish","type":"page","link":"https:\/\/quintadosobral.com\/fr\/region\/","title":{"rendered":"La r\u00e9gion"},"content":{"rendered":"<p>[et_pb_section fb_built=\u00a0\u00bb1&Prime; _builder_version=\u00a0\u00bb4.27.4&Prime; _module_preset=\u00a0\u00bbdefault\u00a0\u00bb global_colors_info=\u00a0\u00bb{}\u00a0\u00bb][et_pb_row _builder_version=\u00a0\u00bb4.27.4&Prime; _module_preset=\u00a0\u00bbdefault\u00a0\u00bb custom_padding=\u00a0\u00bb||10px||false|false\u00a0\u00bb locked=\u00a0\u00bboff\u00a0\u00bb global_colors_info=\u00a0\u00bb{}\u00a0\u00bb][et_pb_column type=\u00a0\u00bb4_4&Prime; _builder_version=\u00a0\u00bb4.27.4&Prime; _module_preset=\u00a0\u00bbdefault\u00a0\u00bb global_colors_info=\u00a0\u00bb{}\u00a0\u00bb][et_pb_text _builder_version=\u00a0\u00bb4.27.4&Prime; _module_preset=\u00a0\u00bbdefault\u00a0\u00bb header_3_font=\u00a0\u00bb|||on|||||\u00a0\u00bb header_3_text_align=\u00a0\u00bbcenter\u00a0\u00bb header_3_font_size=\u00a0\u00bb20px\u00a0\u00bb header_3_letter_spacing=\u00a0\u00bb3px\u00a0\u00bb header_3_line_height=\u00a0\u00bb1.2em\u00a0\u00bb header_3_font_size_tablet=\u00a0\u00bb20px\u00a0\u00bb header_3_font_size_phone=\u00a0\u00bb18px\u00a0\u00bb header_3_font_size_last_edited=\u00a0\u00bbon|desktop\u00a0\u00bb global_colors_info=\u00a0\u00bb{}\u00a0\u00bb]<\/p>\n<h3>La r\u00e9gion<\/h3>\n<p>[\/et_pb_text][et_pb_divider _builder_version=\u00a0\u00bb4.27.4&Prime; _module_preset=\u00a0\u00bbdefault\u00a0\u00bb width=\u00a0\u00bb100px\u00a0\u00bb module_alignment=\u00a0\u00bbcenter\u00a0\u00bb custom_padding=\u00a0\u00bb0px||||false|false\u00a0\u00bb global_colors_info=\u00a0\u00bb{}\u00a0\u00bb][\/et_pb_divider][\/et_pb_column][\/et_pb_row][et_pb_row _builder_version=\u00a0\u00bb4.27.4&Prime; _module_preset=\u00a0\u00bbdefault\u00a0\u00bb width=\u00a0\u00bb100%\u00a0\u00bb max_width=\u00a0\u00bb100%\u00a0\u00bb custom_padding=\u00a0\u00bb0px||0px||true|false\u00a0\u00bb locked=\u00a0\u00bboff\u00a0\u00bb global_colors_info=\u00a0\u00bb{}\u00a0\u00bb][et_pb_column type=\u00a0\u00bb4_4&Prime; _builder_version=\u00a0\u00bb4.27.4&Prime; _module_preset=\u00a0\u00bbdefault\u00a0\u00bb global_colors_info=\u00a0\u00bb{}\u00a0\u00bb][et_pb_slider _builder_version=\u00a0\u00bb4.27.4&Prime; _module_preset=\u00a0\u00bbdefault\u00a0\u00bb custom_padding=\u00a0\u00bb23vw||23vw||true|false\u00a0\u00bb auto=\u00a0\u00bbon\u00a0\u00bb auto_speed=\u00a0\u00bb5000&Prime; auto_ignore_hover=\u00a0\u00bbon\u00a0\u00bb global_colors_info=\u00a0\u00bb{}\u00a0\u00bb][et_pb_slide _builder_version=\u00a0\u00bb4.27.4&Prime; _module_preset=\u00a0\u00bbdefault\u00a0\u00bb background_image=\u00a0\u00bbhttps:\/\/quintadosobral.com\/wp-content\/uploads\/2025\/01\/lissabon01-min.jpg\u00a0\u00bb background_enable_image=\u00a0\u00bbon\u00a0\u00bb background_position=\u00a0\u00bbbottom_center\u00a0\u00bb background_vertical_offset=\u00a0\u00bb29%\u00a0\u00bb global_colors_info=\u00a0\u00bb{}\u00a0\u00bb sticky_transition=\u00a0\u00bbon\u00a0\u00bb][\/et_pb_slide][et_pb_slide _builder_version=\u00a0\u00bb4.27.4&Prime; _module_preset=\u00a0\u00bbdefault\u00a0\u00bb background_image=\u00a0\u00bbhttps:\/\/quintadosobral.com\/wp-content\/uploads\/2025\/01\/porto01-min.jpg\u00a0\u00bb background_enable_image=\u00a0\u00bbon\u00a0\u00bb global_colors_info=\u00a0\u00bb{}\u00a0\u00bb sticky_transition=\u00a0\u00bbon\u00a0\u00bb][\/et_pb_slide][et_pb_slide _builder_version=\u00a0\u00bb4.27.4&Prime; _module_preset=\u00a0\u00bbdefault\u00a0\u00bb background_image=\u00a0\u00bbhttps:\/\/quintadosobral.com\/wp-content\/uploads\/2025\/01\/porto02-min.jpg\u00a0\u00bb background_enable_image=\u00a0\u00bbon\u00a0\u00bb global_colors_info=\u00a0\u00bb{}\u00a0\u00bb sticky_transition=\u00a0\u00bbon\u00a0\u00bb][\/et_pb_slide][et_pb_slide _builder_version=\u00a0\u00bb4.27.4&Prime; _module_preset=\u00a0\u00bbdefault\u00a0\u00bb background_image=\u00a0\u00bbhttps:\/\/quintadosobral.com\/wp-content\/uploads\/2025\/01\/quinta-umland-min.jpg\u00a0\u00bb background_enable_image=\u00a0\u00bbon\u00a0\u00bb global_colors_info=\u00a0\u00bb{}\u00a0\u00bb sticky_transition=\u00a0\u00bbon\u00a0\u00bb][\/et_pb_slide][et_pb_slide _builder_version=\u00a0\u00bb4.27.4&Prime; _module_preset=\u00a0\u00bbdefault\u00a0\u00bb background_image=\u00a0\u00bbhttps:\/\/quintadosobral.com\/wp-content\/uploads\/2025\/01\/porto03-min.jpg\u00a0\u00bb background_enable_image=\u00a0\u00bbon\u00a0\u00bb global_colors_info=\u00a0\u00bb{}\u00a0\u00bb sticky_transition=\u00a0\u00bbon\u00a0\u00bb][\/et_pb_slide][et_pb_slide _builder_version=\u00a0\u00bb4.27.4&Prime; _module_preset=\u00a0\u00bbdefault\u00a0\u00bb background_image=\u00a0\u00bbhttps:\/\/quintadosobral.com\/wp-content\/uploads\/2025\/01\/lissabon02-min.jpg\u00a0\u00bb background_enable_image=\u00a0\u00bbon\u00a0\u00bb global_colors_info=\u00a0\u00bb{}\u00a0\u00bb sticky_transition=\u00a0\u00bbon\u00a0\u00bb][\/et_pb_slide][et_pb_slide _builder_version=\u00a0\u00bb4.27.4&Prime; _module_preset=\u00a0\u00bbdefault\u00a0\u00bb background_image=\u00a0\u00bbhttps:\/\/quintadosobral.com\/wp-content\/uploads\/2025\/01\/region02-min.jpg\u00a0\u00bb background_enable_image=\u00a0\u00bbon\u00a0\u00bb global_colors_info=\u00a0\u00bb{}\u00a0\u00bb sticky_transition=\u00a0\u00bbon\u00a0\u00bb][\/et_pb_slide][et_pb_slide _builder_version=\u00a0\u00bb4.27.4&Prime; _module_preset=\u00a0\u00bbdefault\u00a0\u00bb background_image=\u00a0\u00bbhttps:\/\/quintadosobral.com\/wp-content\/uploads\/2025\/01\/region01-min.jpg\u00a0\u00bb background_enable_image=\u00a0\u00bbon\u00a0\u00bb global_colors_info=\u00a0\u00bb{}\u00a0\u00bb sticky_transition=\u00a0\u00bbon\u00a0\u00bb][\/et_pb_slide][et_pb_slide _builder_version=\u00a0\u00bb4.27.4&Prime; _module_preset=\u00a0\u00bbdefault\u00a0\u00bb background_image=\u00a0\u00bbhttps:\/\/quintadosobral.com\/wp-content\/uploads\/2025\/01\/figueiro-dos-vinhos02-min.jpg\u00a0\u00bb background_enable_image=\u00a0\u00bbon\u00a0\u00bb global_colors_info=\u00a0\u00bb{}\u00a0\u00bb sticky_transition=\u00a0\u00bbon\u00a0\u00bb][\/et_pb_slide][et_pb_slide _builder_version=\u00a0\u00bb4.27.4&Prime; _module_preset=\u00a0\u00bbdefault\u00a0\u00bb background_image=\u00a0\u00bbhttps:\/\/quintadosobral.com\/wp-content\/uploads\/2025\/01\/coimbra-min.jpg\u00a0\u00bb background_enable_image=\u00a0\u00bbon\u00a0\u00bb global_colors_info=\u00a0\u00bb{}\u00a0\u00bb sticky_transition=\u00a0\u00bbon\u00a0\u00bb][\/et_pb_slide][\/et_pb_slider][\/et_pb_column][\/et_pb_row][et_pb_row _builder_version=\u00a0\u00bb4.27.4&Prime; _module_preset=\u00a0\u00bbdefault\u00a0\u00bb max_width=\u00a0\u00bb1080px\u00a0\u00bb custom_padding=\u00a0\u00bb60px||||false|false\u00a0\u00bb global_colors_info=\u00a0\u00bb{}\u00a0\u00bb][et_pb_column type=\u00a0\u00bb4_4&Prime; _builder_version=\u00a0\u00bb4.27.4&Prime; _module_preset=\u00a0\u00bbdefault\u00a0\u00bb global_colors_info=\u00a0\u00bb{}\u00a0\u00bb][et_pb_text _builder_version=\u00a0\u00bb4.27.4&Prime; _module_preset=\u00a0\u00bbdefault\u00a0\u00bb text_font_size=\u00a0\u00bb22px\u00a0\u00bb header_4_font=\u00a0\u00bbMontserrat Regular||||||||\u00a0\u00bb header_4_text_color=\u00a0\u00bb#BBA454&Prime; header_4_font_size=\u00a0\u00bb30px\u00a0\u00bb header_4_letter_spacing=\u00a0\u00bb1px\u00a0\u00bb text_orientation=\u00a0\u00bbcenter\u00a0\u00bb custom_margin=\u00a0\u00bb||20px||false|false\u00a0\u00bb custom_padding=\u00a0\u00bb||0px||false|false\u00a0\u00bb text_font_size_phone=\u00a0\u00bb18px\u00a0\u00bb text_font_size_last_edited=\u00a0\u00bboff|phone\u00a0\u00bb text_line_height_tablet=\u00a0\u00bb\u00a0\u00bb text_line_height_phone=\u00a0\u00bb1.5em\u00a0\u00bb text_line_height_last_edited=\u00a0\u00bbon|phone\u00a0\u00bb header_4_font_size_tablet=\u00a0\u00bb30px\u00a0\u00bb header_4_font_size_phone=\u00a0\u00bb28px\u00a0\u00bb header_4_font_size_last_edited=\u00a0\u00bbon|phone\u00a0\u00bb global_colors_info=\u00a0\u00bb{}\u00a0\u00bb]<\/p>\n<h4>Le centre de Portugal<\/h4>\n<p>[\/et_pb_text][et_pb_text _builder_version=\u00a0\u00bb4.27.4&Prime; _module_preset=\u00a0\u00bbdefault\u00a0\u00bb text_font_size=\u00a0\u00bb20px\u00a0\u00bb text_line_height=\u00a0\u00bb1.5em\u00a0\u00bb header_4_text_color=\u00a0\u00bb#BBA454&Prime; header_4_letter_spacing=\u00a0\u00bb1px\u00a0\u00bb text_orientation=\u00a0\u00bbcenter\u00a0\u00bb text_font_size_tablet=\u00a0\u00bb20px\u00a0\u00bb text_font_size_phone=\u00a0\u00bb16px\u00a0\u00bb text_font_size_last_edited=\u00a0\u00bbon|phone\u00a0\u00bb text_line_height_tablet=\u00a0\u00bb1.5em\u00a0\u00bb text_line_height_phone=\u00a0\u00bb1.4em\u00a0\u00bb text_line_height_last_edited=\u00a0\u00bbon|phone\u00a0\u00bb global_colors_info=\u00a0\u00bb{}\u00a0\u00bb]<\/p>\n<p>Montagnes bois\u00e9es &#8211; villes, villages et gens aimables &#8211; ch\u00e2teaux forts myst\u00e9rieux et \u00e9glises historiques \u2013 d\u00e9couvrez! <\/p>\n<p>Figueir\u00f3 dos Vinhos est situ\u00e9 dans le \u00ab\u00a0\u00a0\u00bbTriangle Historique\u00a0\u00bb\u00a0\u00bb du Portugal &#8211; centre intellectuel et culturel du pays depuis beaucoup de si\u00e8cles. Par exemple, visitez quatre lieux du Patrimoine Mondial de l&rsquo;UNESCO &#8211; ce sont des excursions agr\u00e9ables ! D&rsquo;ailleurs, le Sanctuaire de F\u00e1tima est proche. De plus, le c\u00e9l\u00e8bre peintre Portugais Jos\u00e9 Malhoa vivait ici&#8230;  <\/p>\n<p>[\/et_pb_text][\/et_pb_column][\/et_pb_row][\/et_pb_section][et_pb_section fb_built=\u00a0\u00bb1&Prime; _builder_version=\u00a0\u00bb4.27.4&Prime; _module_preset=\u00a0\u00bbdefault\u00a0\u00bb global_colors_info=\u00a0\u00bb{}\u00a0\u00bb][et_pb_row _builder_version=\u00a0\u00bb4.27.4&Prime; _module_preset=\u00a0\u00bbdefault\u00a0\u00bb custom_padding=\u00a0\u00bb||10px||false|false\u00a0\u00bb locked=\u00a0\u00bboff\u00a0\u00bb global_colors_info=\u00a0\u00bb{}\u00a0\u00bb][et_pb_column type=\u00a0\u00bb4_4&Prime; _builder_version=\u00a0\u00bb4.27.4&Prime; _module_preset=\u00a0\u00bbdefault\u00a0\u00bb global_colors_info=\u00a0\u00bb{}\u00a0\u00bb][et_pb_text _builder_version=\u00a0\u00bb4.27.4&Prime; _module_preset=\u00a0\u00bbdefault\u00a0\u00bb header_3_font=\u00a0\u00bb|||on|||||\u00a0\u00bb header_3_text_align=\u00a0\u00bbcenter\u00a0\u00bb header_3_font_size=\u00a0\u00bb20px\u00a0\u00bb header_3_letter_spacing=\u00a0\u00bb3px\u00a0\u00bb header_3_line_height=\u00a0\u00bb1.2em\u00a0\u00bb header_3_font_size_tablet=\u00a0\u00bb20px\u00a0\u00bb header_3_font_size_phone=\u00a0\u00bb18px\u00a0\u00bb header_3_font_size_last_edited=\u00a0\u00bbon|desktop\u00a0\u00bb global_colors_info=\u00a0\u00bb{}\u00a0\u00bb]<\/p>\n<h3>Figueir\u00f3 dos Vinhos<\/h3>\n<p>[\/et_pb_text][et_pb_divider _builder_version=\u00a0\u00bb4.27.4&Prime; _module_preset=\u00a0\u00bbdefault\u00a0\u00bb width=\u00a0\u00bb100px\u00a0\u00bb module_alignment=\u00a0\u00bbcenter\u00a0\u00bb custom_padding=\u00a0\u00bb0px||||false|false\u00a0\u00bb global_colors_info=\u00a0\u00bb{}\u00a0\u00bb][\/et_pb_divider][\/et_pb_column][\/et_pb_row][et_pb_row _builder_version=\u00a0\u00bb4.27.4&Prime; _module_preset=\u00a0\u00bbdefault\u00a0\u00bb width=\u00a0\u00bb100%\u00a0\u00bb max_width=\u00a0\u00bb100%\u00a0\u00bb custom_padding=\u00a0\u00bb0px||0px||true|false\u00a0\u00bb locked=\u00a0\u00bboff\u00a0\u00bb global_colors_info=\u00a0\u00bb{}\u00a0\u00bb][et_pb_column type=\u00a0\u00bb4_4&Prime; _builder_version=\u00a0\u00bb4.27.4&Prime; _module_preset=\u00a0\u00bbdefault\u00a0\u00bb global_colors_info=\u00a0\u00bb{}\u00a0\u00bb][et_pb_slider _builder_version=\u00a0\u00bb4.27.4&Prime; _module_preset=\u00a0\u00bbdefault\u00a0\u00bb custom_padding=\u00a0\u00bb23vw||23vw||true|false\u00a0\u00bb auto=\u00a0\u00bbon\u00a0\u00bb auto_speed=\u00a0\u00bb5000&Prime; auto_ignore_hover=\u00a0\u00bbon\u00a0\u00bb global_colors_info=\u00a0\u00bb{}\u00a0\u00bb][et_pb_slide _builder_version=\u00a0\u00bb4.27.4&Prime; _module_preset=\u00a0\u00bbdefault\u00a0\u00bb background_image=\u00a0\u00bbhttps:\/\/quintadosobral.com\/wp-content\/uploads\/2025\/01\/figueiro-dos-vinhos07-min.jpg\u00a0\u00bb background_enable_image=\u00a0\u00bbon\u00a0\u00bb global_colors_info=\u00a0\u00bb{}\u00a0\u00bb sticky_transition=\u00a0\u00bbon\u00a0\u00bb][\/et_pb_slide][et_pb_slide _builder_version=\u00a0\u00bb4.27.4&Prime; _module_preset=\u00a0\u00bbdefault\u00a0\u00bb background_image=\u00a0\u00bbhttps:\/\/quintadosobral.com\/wp-content\/uploads\/2025\/01\/figueiro-dos-vinhos08-min.jpg\u00a0\u00bb background_enable_image=\u00a0\u00bbon\u00a0\u00bb global_colors_info=\u00a0\u00bb{}\u00a0\u00bb sticky_transition=\u00a0\u00bbon\u00a0\u00bb][\/et_pb_slide][et_pb_slide _builder_version=\u00a0\u00bb4.27.4&Prime; _module_preset=\u00a0\u00bbdefault\u00a0\u00bb background_image=\u00a0\u00bbhttps:\/\/quintadosobral.com\/wp-content\/uploads\/2025\/01\/figueiro-dos-vinhos04-min.jpg\u00a0\u00bb background_enable_image=\u00a0\u00bbon\u00a0\u00bb global_colors_info=\u00a0\u00bb{}\u00a0\u00bb sticky_transition=\u00a0\u00bbon\u00a0\u00bb][\/et_pb_slide][et_pb_slide _builder_version=\u00a0\u00bb4.27.4&Prime; _module_preset=\u00a0\u00bbdefault\u00a0\u00bb background_image=\u00a0\u00bbhttps:\/\/quintadosobral.com\/wp-content\/uploads\/2025\/01\/figueiro-dos-vinhos06-min.jpg\u00a0\u00bb background_enable_image=\u00a0\u00bbon\u00a0\u00bb global_colors_info=\u00a0\u00bb{}\u00a0\u00bb sticky_transition=\u00a0\u00bbon\u00a0\u00bb][\/et_pb_slide][et_pb_slide _builder_version=\u00a0\u00bb4.27.4&Prime; _module_preset=\u00a0\u00bbdefault\u00a0\u00bb background_image=\u00a0\u00bbhttps:\/\/quintadosobral.com\/wp-content\/uploads\/2025\/01\/figueiro-dos-vinhos05-min.jpg\u00a0\u00bb background_enable_image=\u00a0\u00bbon\u00a0\u00bb global_colors_info=\u00a0\u00bb{}\u00a0\u00bb sticky_transition=\u00a0\u00bbon\u00a0\u00bb][\/et_pb_slide][et_pb_slide _builder_version=\u00a0\u00bb4.27.4&Prime; _module_preset=\u00a0\u00bbdefault\u00a0\u00bb background_image=\u00a0\u00bbhttps:\/\/quintadosobral.com\/wp-content\/uploads\/2025\/01\/figueiro-dos-vinhos03-min.jpg\u00a0\u00bb background_enable_image=\u00a0\u00bbon\u00a0\u00bb global_colors_info=\u00a0\u00bb{}\u00a0\u00bb sticky_transition=\u00a0\u00bbon\u00a0\u00bb][\/et_pb_slide][et_pb_slide _builder_version=\u00a0\u00bb4.27.4&Prime; _module_preset=\u00a0\u00bbdefault\u00a0\u00bb background_image=\u00a0\u00bbhttps:\/\/quintadosobral.com\/wp-content\/uploads\/2025\/01\/figueiro-dos-vinhos01-min.jpg\u00a0\u00bb background_enable_image=\u00a0\u00bbon\u00a0\u00bb global_colors_info=\u00a0\u00bb{}\u00a0\u00bb sticky_transition=\u00a0\u00bbon\u00a0\u00bb][\/et_pb_slide][et_pb_slide _builder_version=\u00a0\u00bb4.27.4&Prime; _module_preset=\u00a0\u00bbdefault\u00a0\u00bb background_image=\u00a0\u00bbhttps:\/\/quintadosobral.com\/wp-content\/uploads\/2025\/01\/figueiro-dos-vinhos-reiten-min.jpg\u00a0\u00bb background_enable_image=\u00a0\u00bbon\u00a0\u00bb global_colors_info=\u00a0\u00bb{}\u00a0\u00bb sticky_transition=\u00a0\u00bbon\u00a0\u00bb][\/et_pb_slide][\/et_pb_slider][\/et_pb_column][\/et_pb_row][et_pb_row _builder_version=\u00a0\u00bb4.27.4&Prime; _module_preset=\u00a0\u00bbdefault\u00a0\u00bb max_width=\u00a0\u00bb1080px\u00a0\u00bb custom_padding=\u00a0\u00bb60px||||false|false\u00a0\u00bb global_colors_info=\u00a0\u00bb{}\u00a0\u00bb][et_pb_column type=\u00a0\u00bb4_4&Prime; _builder_version=\u00a0\u00bb4.27.4&Prime; _module_preset=\u00a0\u00bbdefault\u00a0\u00bb global_colors_info=\u00a0\u00bb{}\u00a0\u00bb][et_pb_text _builder_version=\u00a0\u00bb4.27.4&Prime; _module_preset=\u00a0\u00bbdefault\u00a0\u00bb text_font_size=\u00a0\u00bb22px\u00a0\u00bb header_4_font=\u00a0\u00bbMontserrat Regular||||||||\u00a0\u00bb header_4_text_color=\u00a0\u00bb#BBA454&Prime; header_4_font_size=\u00a0\u00bb30px\u00a0\u00bb header_4_letter_spacing=\u00a0\u00bb1px\u00a0\u00bb text_orientation=\u00a0\u00bbcenter\u00a0\u00bb custom_margin=\u00a0\u00bb||20px||false|false\u00a0\u00bb custom_padding=\u00a0\u00bb||0px||false|false\u00a0\u00bb text_font_size_phone=\u00a0\u00bb18px\u00a0\u00bb text_font_size_last_edited=\u00a0\u00bboff|phone\u00a0\u00bb text_line_height_tablet=\u00a0\u00bb\u00a0\u00bb text_line_height_phone=\u00a0\u00bb1.5em\u00a0\u00bb text_line_height_last_edited=\u00a0\u00bbon|phone\u00a0\u00bb header_4_font_size_tablet=\u00a0\u00bb30px\u00a0\u00bb header_4_font_size_phone=\u00a0\u00bb28px\u00a0\u00bb header_4_font_size_last_edited=\u00a0\u00bbon|phone\u00a0\u00bb global_colors_info=\u00a0\u00bb{}\u00a0\u00bb]<\/p>\n<h4>Figueir\u00f3 dos Vinhos<\/h4>\n<p>[\/et_pb_text][et_pb_text _builder_version=\u00a0\u00bb4.27.4&Prime; _module_preset=\u00a0\u00bbdefault\u00a0\u00bb text_font_size=\u00a0\u00bb20px\u00a0\u00bb text_line_height=\u00a0\u00bb1.5em\u00a0\u00bb header_4_text_color=\u00a0\u00bb#BBA454&Prime; header_4_letter_spacing=\u00a0\u00bb1px\u00a0\u00bb text_orientation=\u00a0\u00bbcenter\u00a0\u00bb text_font_size_tablet=\u00a0\u00bb20px\u00a0\u00bb text_font_size_phone=\u00a0\u00bb16px\u00a0\u00bb text_font_size_last_edited=\u00a0\u00bbon|phone\u00a0\u00bb text_line_height_tablet=\u00a0\u00bb1.5em\u00a0\u00bb text_line_height_phone=\u00a0\u00bb1.4em\u00a0\u00bb text_line_height_last_edited=\u00a0\u00bbon|phone\u00a0\u00bb global_colors_info=\u00a0\u00bb{}\u00a0\u00bb]<\/p>\n<p>Figueir\u00f3 dos Vinhos est un village historique au riche pass\u00e9. B\u00e2timents historiques, petits magasins et boutiques, caf\u00e9s, parcs et jardins pittoresques dessinent la physionomie. En plus, il y a des beaut\u00e9s naturelles extraordinaires, comme par exemple le Rio Z\u00eazere et les plages fluviales.  <\/p>\n<p>[\/et_pb_text][\/et_pb_column][\/et_pb_row][\/et_pb_section]<\/p>\n","protected":false},"excerpt":{"rendered":"<p>La r\u00e9gionLe centre de PortugalMontagnes bois\u00e9es &#8211; villes, villages et gens aimables &#8211; ch\u00e2teaux forts myst\u00e9rieux et \u00e9glises historiques \u2013 d\u00e9couvrez! Figueir\u00f3 dos Vinhos est situ\u00e9 dans le \u00ab\u00a0\u00a0\u00bbTriangle Historique\u00a0\u00bb\u00a0\u00bb du Portugal &#8211; centre intellectuel et culturel du pays depuis beaucoup de si\u00e8cles. Par exemple, visitez quatre lieux du Patrimoine Mondial de l&rsquo;UNESCO &#8211; ce [&hellip;]<\/p>\n","protected":false},"author":1,"featured_media":0,"parent":0,"menu_order":0,"comment_status":"closed","ping_status":"closed","template":"","meta":{"_et_pb_use_builder":"on","_et_pb_old_content":"","_et_gb_content_width":"","footnotes":""},"class_list":["post-1088","page","type-page","status-publish","hentry"],"yoast_head":"<!-- This site is optimized with the Yoast SEO plugin v27.1.1 - https:\/\/yoast.com\/product\/yoast-seo-wordpress\/ -->\n<title>La r\u00e9gion - Quinta Do Sobral<\/title>\n<meta name=\"robots\" content=\"index, follow, max-snippet:-1, max-image-preview:large, max-video-preview:-1\" \/>\n<link rel=\"canonical\" href=\"https:\/\/quintadosobral.com\/fr\/region\/\" \/>\n<meta property=\"og:locale\" content=\"fr_FR\" \/>\n<meta property=\"og:type\" content=\"article\" \/>\n<meta property=\"og:title\" content=\"La r\u00e9gion - Quinta Do Sobral\" \/>\n<meta property=\"og:description\" content=\"La r\u00e9gionLe centre de PortugalMontagnes bois\u00e9es - villes, villages et gens aimables - ch\u00e2teaux forts myst\u00e9rieux et \u00e9glises historiques \u2013 d\u00e9couvrez! Figueir\u00f3 dos Vinhos est situ\u00e9 dans le &quot;&quot;Triangle Historique&quot;&quot; du Portugal - centre intellectuel et culturel du pays depuis beaucoup de si\u00e8cles. Par exemple, visitez quatre lieux du Patrimoine Mondial de l&#039;UNESCO - ce [&hellip;]\" \/>\n<meta property=\"og:url\" content=\"https:\/\/quintadosobral.com\/fr\/region\/\" \/>\n<meta property=\"og:site_name\" content=\"Quinta Do Sobral\" \/>\n<meta property=\"article:publisher\" content=\"https:\/\/www.facebook.com\/BernhardundBrigitte\/\" \/>\n<meta property=\"article:modified_time\" content=\"2025-02-02T13:40:22+00:00\" \/>\n<meta name=\"twitter:card\" content=\"summary_large_image\" \/>\n<meta name=\"twitter:label1\" content=\"Dur\u00e9e de lecture estim\u00e9e\" \/>\n\t<meta name=\"twitter:data1\" content=\"7 minutes\" \/>\n<script type=\"application\/ld+json\" class=\"yoast-schema-graph\">{\"@context\":\"https:\/\/schema.org\",\"@graph\":[{\"@type\":\"WebPage\",\"@id\":\"https:\/\/quintadosobral.com\/fr\/region\/\",\"url\":\"https:\/\/quintadosobral.com\/fr\/region\/\",\"name\":\"La r\u00e9gion - Quinta Do Sobral\",\"isPartOf\":{\"@id\":\"https:\/\/quintadosobral.com\/fr\/#website\"},\"datePublished\":\"2025-01-30T16:12:59+00:00\",\"dateModified\":\"2025-02-02T13:40:22+00:00\",\"breadcrumb\":{\"@id\":\"https:\/\/quintadosobral.com\/fr\/region\/#breadcrumb\"},\"inLanguage\":\"fr-FR\",\"potentialAction\":[{\"@type\":\"ReadAction\",\"target\":[\"https:\/\/quintadosobral.com\/fr\/region\/\"]}]},{\"@type\":\"BreadcrumbList\",\"@id\":\"https:\/\/quintadosobral.com\/fr\/region\/#breadcrumb\",\"itemListElement\":[{\"@type\":\"ListItem\",\"position\":1,\"name\":\"Startseite\",\"item\":\"https:\/\/quintadosobral.com\/fr\/\"},{\"@type\":\"ListItem\",\"position\":2,\"name\":\"La r\u00e9gion\"}]},{\"@type\":\"WebSite\",\"@id\":\"https:\/\/quintadosobral.com\/fr\/#website\",\"url\":\"https:\/\/quintadosobral.com\/fr\/\",\"name\":\"Quinta Do Sobral\",\"description\":\"Rural Guest Houses | Central Portugal | Acceuil\",\"publisher\":{\"@id\":\"https:\/\/quintadosobral.com\/fr\/#organization\"},\"potentialAction\":[{\"@type\":\"SearchAction\",\"target\":{\"@type\":\"EntryPoint\",\"urlTemplate\":\"https:\/\/quintadosobral.com\/fr\/?s={search_term_string}\"},\"query-input\":{\"@type\":\"PropertyValueSpecification\",\"valueRequired\":true,\"valueName\":\"search_term_string\"}}],\"inLanguage\":\"fr-FR\"},{\"@type\":\"Organization\",\"@id\":\"https:\/\/quintadosobral.com\/fr\/#organization\",\"name\":\"Quinta Do Sobral\",\"url\":\"https:\/\/quintadosobral.com\/fr\/\",\"logo\":{\"@type\":\"ImageObject\",\"inLanguage\":\"fr-FR\",\"@id\":\"https:\/\/quintadosobral.com\/fr\/#\/schema\/logo\/image\/\",\"url\":\"https:\/\/quintadosobral.com\/wp-content\/uploads\/2025\/01\/quinta-do-sobral-pool02-min.jpg\",\"contentUrl\":\"https:\/\/quintadosobral.com\/wp-content\/uploads\/2025\/01\/quinta-do-sobral-pool02-min.jpg\",\"width\":1475,\"height\":983,\"caption\":\"Quinta Do Sobral\"},\"image\":{\"@id\":\"https:\/\/quintadosobral.com\/fr\/#\/schema\/logo\/image\/\"},\"sameAs\":[\"https:\/\/www.facebook.com\/BernhardundBrigitte\/\"]}]}<\/script>\n<!-- \/ Yoast SEO plugin. -->","yoast_head_json":{"title":"La r\u00e9gion - Quinta Do Sobral","robots":{"index":"index","follow":"follow","max-snippet":"max-snippet:-1","max-image-preview":"max-image-preview:large","max-video-preview":"max-video-preview:-1"},"canonical":"https:\/\/quintadosobral.com\/fr\/region\/","og_locale":"fr_FR","og_type":"article","og_title":"La r\u00e9gion - Quinta Do Sobral","og_description":"La r\u00e9gionLe centre de PortugalMontagnes bois\u00e9es - villes, villages et gens aimables - ch\u00e2teaux forts myst\u00e9rieux et \u00e9glises historiques \u2013 d\u00e9couvrez! Figueir\u00f3 dos Vinhos est situ\u00e9 dans le \"\"Triangle Historique\"\" du Portugal - centre intellectuel et culturel du pays depuis beaucoup de si\u00e8cles. Par exemple, visitez quatre lieux du Patrimoine Mondial de l'UNESCO - ce [&hellip;]","og_url":"https:\/\/quintadosobral.com\/fr\/region\/","og_site_name":"Quinta Do Sobral","article_publisher":"https:\/\/www.facebook.com\/BernhardundBrigitte\/","article_modified_time":"2025-02-02T13:40:22+00:00","twitter_card":"summary_large_image","twitter_misc":{"Dur\u00e9e de lecture estim\u00e9e":"7 minutes"},"schema":{"@context":"https:\/\/schema.org","@graph":[{"@type":"WebPage","@id":"https:\/\/quintadosobral.com\/fr\/region\/","url":"https:\/\/quintadosobral.com\/fr\/region\/","name":"La r\u00e9gion - Quinta Do Sobral","isPartOf":{"@id":"https:\/\/quintadosobral.com\/fr\/#website"},"datePublished":"2025-01-30T16:12:59+00:00","dateModified":"2025-02-02T13:40:22+00:00","breadcrumb":{"@id":"https:\/\/quintadosobral.com\/fr\/region\/#breadcrumb"},"inLanguage":"fr-FR","potentialAction":[{"@type":"ReadAction","target":["https:\/\/quintadosobral.com\/fr\/region\/"]}]},{"@type":"BreadcrumbList","@id":"https:\/\/quintadosobral.com\/fr\/region\/#breadcrumb","itemListElement":[{"@type":"ListItem","position":1,"name":"Startseite","item":"https:\/\/quintadosobral.com\/fr\/"},{"@type":"ListItem","position":2,"name":"La r\u00e9gion"}]},{"@type":"WebSite","@id":"https:\/\/quintadosobral.com\/fr\/#website","url":"https:\/\/quintadosobral.com\/fr\/","name":"Quinta Do Sobral","description":"Rural Guest Houses | Central Portugal | Acceuil","publisher":{"@id":"https:\/\/quintadosobral.com\/fr\/#organization"},"potentialAction":[{"@type":"SearchAction","target":{"@type":"EntryPoint","urlTemplate":"https:\/\/quintadosobral.com\/fr\/?s={search_term_string}"},"query-input":{"@type":"PropertyValueSpecification","valueRequired":true,"valueName":"search_term_string"}}],"inLanguage":"fr-FR"},{"@type":"Organization","@id":"https:\/\/quintadosobral.com\/fr\/#organization","name":"Quinta Do Sobral","url":"https:\/\/quintadosobral.com\/fr\/","logo":{"@type":"ImageObject","inLanguage":"fr-FR","@id":"https:\/\/quintadosobral.com\/fr\/#\/schema\/logo\/image\/","url":"https:\/\/quintadosobral.com\/wp-content\/uploads\/2025\/01\/quinta-do-sobral-pool02-min.jpg","contentUrl":"https:\/\/quintadosobral.com\/wp-content\/uploads\/2025\/01\/quinta-do-sobral-pool02-min.jpg","width":1475,"height":983,"caption":"Quinta Do Sobral"},"image":{"@id":"https:\/\/quintadosobral.com\/fr\/#\/schema\/logo\/image\/"},"sameAs":["https:\/\/www.facebook.com\/BernhardundBrigitte\/"]}]}},"_links":{"self":[{"href":"https:\/\/quintadosobral.com\/fr\/wp-json\/wp\/v2\/pages\/1088","targetHints":{"allow":["GET"]}}],"collection":[{"href":"https:\/\/quintadosobral.com\/fr\/wp-json\/wp\/v2\/pages"}],"about":[{"href":"https:\/\/quintadosobral.com\/fr\/wp-json\/wp\/v2\/types\/page"}],"author":[{"embeddable":true,"href":"https:\/\/quintadosobral.com\/fr\/wp-json\/wp\/v2\/users\/1"}],"replies":[{"embeddable":true,"href":"https:\/\/quintadosobral.com\/fr\/wp-json\/wp\/v2\/comments?post=1088"}],"version-history":[{"count":3,"href":"https:\/\/quintadosobral.com\/fr\/wp-json\/wp\/v2\/pages\/1088\/revisions"}],"predecessor-version":[{"id":1382,"href":"https:\/\/quintadosobral.com\/fr\/wp-json\/wp\/v2\/pages\/1088\/revisions\/1382"}],"wp:attachment":[{"href":"https:\/\/quintadosobral.com\/fr\/wp-json\/wp\/v2\/media?parent=1088"}],"curies":[{"name":"wp","href":"https:\/\/api.w.org\/{rel}","templated":true}]}}